{"id":404,"date":"2022-02-10T19:36:53","date_gmt":"2022-02-11T01:36:53","guid":{"rendered":"http:\/\/arthuman.com.mx\/?page_id=404"},"modified":"2022-02-10T19:47:18","modified_gmt":"2022-02-11T01:47:18","slug":"aviso-de-privacidad","status":"publish","type":"page","link":"https:\/\/arthuman.com.mx\/en\/aviso-de-privacidad\/","title":{"rendered":"Aviso de Privacidad"},"content":{"rendered":"<p>[et_pb_section fb_built=&#8221;1&#8243; admin_label=&#8221;section&#8221; _builder_version=&#8221;3.22&#8243; global_colors_info=&#8221;{}&#8221;][et_pb_row admin_label=&#8221;row&#8221; _builder_version=&#8221;3.25&#8243; background_size=&#8221;initial&#8221; background_position=&#8221;top_left&#8221; background_repeat=&#8221;repeat&#8221; global_colors_info=&#8221;{}&#8221;][et_pb_column type=&#8221;4_4&#8243; _builder_version=&#8221;3.25&#8243; custom_padding=&#8221;|||&#8221; global_colors_info=&#8221;{}&#8221; custom_padding__hover=&#8221;|||&#8221;][et_pb_text admin_label=&#8221;Text&#8221; _builder_version=&#8221;4.14.7&#8243; background_size=&#8221;initial&#8221; background_position=&#8221;top_left&#8221; background_repeat=&#8221;repeat&#8221; hover_enabled=&#8221;0&#8243; global_colors_info=&#8221;{}&#8221; sticky_enabled=&#8221;0&#8243; header_text_align=&#8221;center&#8221; header_text_color=&#8221;#74C5EB&#8221; header_2_font=&#8221;|600|||||||&#8221; header_2_text_align=&#8221;left&#8221; header_2_text_color=&#8221;#74C5EB&#8221; header_2_font_size=&#8221;18px&#8221;]<\/p>\n<h1><\/h1>\n<h1>AVISO DE PRIVACIDAD<\/h1>\n<p><em>Mediante el presente <strong>AVISO DE PRIVACIDAD<\/strong>, <strong>ARTHUMAN DIRECCIONANDO TALENTOS SC.<\/strong>, informa a usted los t<\/em><em>\u00e9rminos en que ser\u00e1n tratados los Datos Personales que se recaben, por lo cual, le recomendamos que lea atentamente la siguiente informaci\u00f3n:<\/em><\/p>\n<p><em><\/em><\/p>\n<h2>1. DEFINICIONES.<\/h2>\n<p>Para efectos del presente <strong>AVISO DE PRIVACIDAD<\/strong>, los t\u00e9rminos que se indican a continuaci\u00f3n, tendr\u00e1n los significados que en este documento se se\u00f1alan, ya sea que est\u00e9n redactados en singular o en plural:<\/p>\n<ul>\n<li>\u201c<strong>Datos Personales<\/strong>\u201d: Cualquier informaci\u00f3n concerniente a una persona f\u00edsica identificada o identificable.<\/li>\n<\/ul>\n<ul>\n<li>\u201c<strong>Datos Personales Sensibles<\/strong>\u201d: Aquellos Datos Personales que afecten a la esfera \u00edntima del Titular, o cuya utilizaci\u00f3n indebida pueda dar origen a cualquier tipo de discriminaci\u00f3n o conlleve un riesgo grave para el Titular. Est\u00e1n considerados dentro de esta categor\u00eda aquellos datos que puedan revelar aspectos personales del Titular, como origen racial, \u00e9tnico, estado de salud presente y futuro, informaci\u00f3n gen\u00e9tica, creencias religiosas, filos\u00f3ficas y morales, afiliaci\u00f3n sindical, opiniones pol\u00edticas, preferencia sexual o situaci\u00f3n financiera.<\/li>\n<\/ul>\n<ul>\n<li>\u201c<strong>Derechos ARCO<\/strong>\u201d: Derecho del Titular de los Datos Personales a solicitar al Responsable el Acceso, Rectificaci\u00f3n, Cancelaci\u00f3n u Oposici\u00f3n respecto de dichos datos, conforme a lo previsto en la LFPDPPP y su Reglamento.<\/li>\n<\/ul>\n<ul>\n<li>\u201c<strong>Disociaci\u00f3n<\/strong>\u201d: El procedimiento mediante el cual los Datos Personales no pueden asociarse al Titular ni permitir, por su estructura, contenido o grado de desagregaci\u00f3n, la identificaci\u00f3n del mismo.<\/li>\n<\/ul>\n<ul>\n<li>\u201c<strong>Encargado<\/strong>\u201d: La persona f\u00edsica o moral que sola o conjuntamente con otras personas f\u00edsicas o morales trate Datos Personales a nombre y mediante instrucci\u00f3n del Responsable, conforme a los procesos, t\u00e9rminos y condiciones que este le se\u00f1ale.<\/li>\n<\/ul>\n<ul>\n<li><strong>\u201cLFPDPPP\u201d: <\/strong>Ley Federal de Protecci\u00f3n de Datos Personales en Posesi\u00f3n de los Particulares.<\/li>\n<\/ul>\n<ul>\n<li><strong>\u201cReglamento\u201d<\/strong>: Reglamento de la Ley Federal de Protecci\u00f3n de Datos Personales en Posesi\u00f3n de los Particulares.<\/li>\n<\/ul>\n<ul>\n<li><strong>\u201cResponsable\u201d<\/strong>: En la entidad perteneciente a <strong><em>ARTHUMAN DIRECCIONANDO TALENTOS SC <\/em><\/strong>que actuando en lo individual o en conjunto con otras entidades en alianza recabe Datos Personales para su tratamiento conforme a las finalidades se\u00f1aladas en este <strong>AVISO DE PRIVACIDAD<\/strong>.<\/li>\n<\/ul>\n<ul>\n<li><strong>\u201cTitular\u201d<\/strong>: La persona f\u00edsica a quien corresponden los Datos Personales.<\/li>\n<\/ul>\n<ul>\n<li><strong>\u201cTransferencia\u201d: <\/strong>La comunicaci\u00f3n de Datos Personales dentro o fuera del territorio nacional, realizada a persona distinta del Titular o del Responsable.<\/li>\n<\/ul>\n<p>&nbsp;<\/p>\n<h2>2. IDENTIDAD Y DOMICILIO DEL RESPONSABLE.<\/h2>\n<p>El Responsable a que se refiere el numeral 1, inciso 1.8. del presente <strong>AVISO DE PRIVACIDAD, <\/strong>manifiesta que es una sociedad legalmente constituida bajo las leyes mexicanas y responder\u00e1 individualmente de los Datos Personales que recabe y se\u00f1ala como domicilio para todos los efectos y obligaciones relacionadas con el presente <strong>AVISO DE PRIVACIDAD <\/strong>el inmueble ubicado en Calle Terranova No. 1073, Colonia Lomas de la Providencia, Guadalajara, Jalisco.<\/p>\n<p>&nbsp;<\/p>\n<h2>3. DATOS PERSONALES RECABADOS POR EL RESPONSABLE.<\/h2>\n<p>Para el cumplimiento de las finalidades se\u00f1aladas en el numeral 4 del presente AVISO DE PRIVACIDAD, el Responsable le informa que recabar\u00e1 las siguientes categor\u00edas de Datos Personales: (i) Datos de Identificaci\u00f3n; (ii) Datos de Contacto; (iii) Acta Constitutiva (iv) Datos laborales.<\/p>\n<p>Le informamos que los Datos Personales Sensibles que se recaben del Titular ser\u00e1n obtenidos \u00fanicamente en forma directa; es decir en forma personal o a trav\u00e9s de los Medios Electr\u00f3nicos que se pongan a disposici\u00f3n, en el entendido de que los Datos Personales Sensibles recabados, se tratar\u00e1n con la finalidad exclusiva de realizar y dar seguimiento al proceso de contrataci\u00f3n de productos.<\/p>\n<p>El Responsable podr\u00e1 realizar las investigaciones, obtener fotograf\u00edas, realizar entrevistas, y en general, realizar las acciones que considere necesarias a efecto de comprobar por s\u00ed o a trav\u00e9s de terceros contratados particularmente para ello, la veracidad de los Datos Personales que les fueron proporcionados por el Titular.<\/p>\n<p>El Responsable podr\u00e1, al amparo del presente <strong>AVISO DE PRIVACIDAD<\/strong>, verificar, adicionar o cumplimentar los Datos Personales recabados directamente del Titular, as\u00ed como aquellos Datos Personales de terceros que sean proporcionados por el Titular, tales como informaci\u00f3n sobre sus beneficiarios, referencias, obligados solidarios, avales, fiadores o fideicomisarios seg\u00fan resulte aplicable conforme al servicio o producto solicitado o contratado por el Titular. Ser\u00e1 responsabilidad del Titular informar a las personas antes se\u00f1aladas respecto de la informaci\u00f3n que proporcion\u00f3 al Responsable y los fines de su entrega, as\u00ed como el contenido del presente <strong>AVISO DE PRIVACIDAD<\/strong>.<\/p>\n<p>El Titular manifiesta que los Datos Personales proporcionados al Responsable son veraces y actualizados y se obliga a comunicar al Responsable cualquier modificaci\u00f3n a los Datos Personales proporcionados con la mayor brevedad posible a trav\u00e9s de los formatos designados por el <strong>RESPONSABLE<\/strong>.<\/p>\n<p>&nbsp;<\/p>\n<h2>4. FINALIDADES DEL TRATAMIENTO DE LOS DATOS.<\/h2>\n<p>Los Datos Personales que el Responsable recabe ser\u00e1n utilizados para atender las siguientes finalidades: Como finalidades primarias:<\/p>\n<ul>\n<li>Corroborar la identidad del Titular y la veracidad de la informaci\u00f3n que proporcione como propia, as\u00ed como la de sus beneficiarios, referencias, obligados solidarios, avales, fiadores o fideicomisarios seg\u00fan resulte aplicable conforme al servicio o producto contratado y en observancia de las disposiciones vigentes en materia de conocimiento al cliente y prevenci\u00f3n de lavado de dinero.<\/li>\n<li>Realizar el an\u00e1lisis de la informaci\u00f3n proporcionada por el Titular, a fin de determinar conforme a las disposiciones legales vigentes el nivel de riesgo, viabilidad de pago, perfil transaccional, y en general, realizar cualquier otra evaluaci\u00f3n que sea requerida por la normativa o resulte conveniente para el otorgamiento de servicios financieros.<\/li>\n<li>Formalizar una relaci\u00f3n contractual entre el Titular y el Responsable y prestar los servicios contratados conforme a lo pactado entre las partes, y en su caso, requerir su cumplimiento.<\/li>\n<li>Integrar expedientes y Bases de Datos, y dar tratamiento a los mismos por el Responsable para que pueda prestar los servicios contratados y reportar a las autoridades administrativas y jurisdiccionales dicha informaci\u00f3n cuando as\u00ed lo establezcan las disposiciones legales vigentes.<\/li>\n<\/ul>\n<ul>\n<li>Otorgar al Titular o a los terceros que este designe, los beneficios que pudieran derivar de los programas, campa\u00f1as, rifas, sorteos o concursos a los que este se haya inscrito, en cumplimiento a los T\u00e9rminos y Condiciones publicados en cada caso, ya sea en forma directa o a trav\u00e9s de entidades comerciales que en calidad de Encargados presten servicios al Responsable para este fin particular.<\/li>\n<\/ul>\n<p>De manera adicional, el Responsable podr\u00e1 utilizar los Datos Personales del Titular para las siguientes finalidades secundarias:<\/p>\n<ul>\n<li>Ofrecer al Titular una ampliaci\u00f3n o mejora de los productos o servicios financieros contratados.<\/li>\n<li>Ofrecer beneficios, promociones o descuentos al Titular que tengan por objeto incentivar o premiar el uso de los productos o servicios financieros que comercializa el Responsable.<\/li>\n<li>Invitar al Titular eventos, conferencias o talleres que tengan por objeto dar a conocer diversos productos y servicios financieros que comercializa el Responsable.<\/li>\n<li>Elaboraci\u00f3n de encuestas de calidad y satisfacci\u00f3n, respecto de los productos contratados.<\/li>\n<li>Generaci\u00f3n de informaci\u00f3n estad\u00edstica relacionada con el uso de productos y servicios operados por el Responsable.<\/li>\n<\/ul>\n<p>El Responsable le informa que al otorgar su consentimiento para el tratamiento de sus Datos Personales, Usted autoriza al Responsable a utilizarlos para el env\u00edo de informaci\u00f3n publicitaria por los medios que el Responsable tenga a su alcance, tales como el correo electr\u00f3nico, telefon\u00eda celular (mensaje SMS, MMS) redes sociales, o cualquier otro medio de comunicaci\u00f3n electr\u00f3nica similar que pueda llegar a desarrollarse, as\u00ed como al env\u00edo y recopilaci\u00f3n de informaci\u00f3n a trav\u00e9s de encuestas de calidad.<\/p>\n<p>En caso de que el Titular se adhiera a cualquiera de las promociones, Programas de lealtad, de recompensas, de beneficios, o decide registrarse, enrolarse o solicita al Responsable su incorporaci\u00f3n como participante en alg\u00fan evento organizado por el Responsable, se entender\u00e1 que otorga su consentimiento para el tratamiento de sus datos conforme a las finalidades secundarias a que se refiere el presente numeral y en su caso para transferir sus Datos Personales a terceros cuando ello resulte preciso o conveniente para que el Responsable pueda dar cumplimiento a las obligaciones derivadas de la relaci\u00f3n jur\u00eddica entre el Titular y el Responsable<\/p>\n<p>El mismo tratamiento a que se refiere el presente <strong>AVISO DE PRIVACIDAD<\/strong>, tendr\u00e1n los Datos Personales recabados en lo futuro, sin perjuicio de lo cual el Titular podr\u00e1 ejercer en cualquier momento su derecho de oposici\u00f3n, seg\u00fan lo dispone el numeral 8 de este <strong>AVISO DE PRIVACIDAD<\/strong>.<\/p>\n<p>&nbsp;<\/p>\n<h2>5. OPCIONES Y MEDIOS QUE EL RESPONSABLE OFRECE A LOS TITULARES PARA LIMITAR EL USO O DIVULGACI\u00d3N DE SUS DATOS.<\/h2>\n<p>Usted podr\u00e1 solicitar la actualizaci\u00f3n, limitar el uso o divulgaci\u00f3n de sus Datos Personales, y en su caso, informarse de cualquier aspecto relacionado con el tratamiento de los mismos, en cualquier momento enviando un correo electr\u00f3nico a la direcci\u00f3n administracion@arthuman.com.mx<\/p>\n<p>Para ejercer este derecho deber\u00e1 seguir el procedimiento a que se refiere el numeral 8 del presente <strong>AVISO DE PRIVACIDAD<\/strong>.<\/p>\n<p>El Titular tendr\u00e1 un plazo de 5 (cinco) d\u00edas h\u00e1biles para que, de ser el caso, manifieste su negativa al Responsable para el tratamiento de sus Datos Personales conforme a las finalidades secundarias descritas en el numeral 4 de este <strong>AVISO DE PRIVACIDAD<\/strong>. Si el Titular no manifiesta dentro de los referidos 5 (cinco) d\u00edas h\u00e1biles su negativa para el tratamiento de sus Datos Personales conforme a las finalidades secundarias informadas, se entender\u00e1 que ha otorgado su consentimiento para el tratamiento de los mismos.<\/p>\n<p>En caso de que Usted desee limitar o suspender el tratamiento de sus Datos Personales para su uso con fines publicitarios o de promoci\u00f3n podr\u00e1 inscribirse en el Registro P\u00fablico de Usuarios (REUS) de la Comisi\u00f3n Nacional para la Protecci\u00f3n y Defensa de los Usuarios de Servicios Financieros (CONDUSEF) a trav\u00e9s de su p\u00e1gina de internet <em>https:\/\/<\/em><a href=\"http:\/\/www.condusef.gob.mx\/\">www.condusef.gob.mx.<\/a><\/p>\n<p>&nbsp;<\/p>\n<h2>6. TRATAMIENTO DE LOS DATOS PERSONALES Y TRANSFERENCIA DE DATOS.<\/h2>\n<p>Conforme a lo previsto en la LFPDPPP y su Reglamento, el Responsable le informa que no ser\u00e1 necesario el consentimiento del Titular para el tratamiento de los Datos Personales cuando: (i) est\u00e9 previsto en una Ley, (ii) los Datos Personales figuren en fuentes de acceso p\u00fablico; (iii) los Datos Personales se sometan a un procedimiento previo de Disociaci\u00f3n, (iv) tenga el prop\u00f3sito de cumplir obligaciones derivadas de una relaci\u00f3n jur\u00eddica entre el titular y el responsable, (v) exista una situaci\u00f3n de emergencia que potencialmente pueda da\u00f1ar a un individuo en su persona o en sus bienes, (vi) sean indispensables para la atenci\u00f3n m\u00e9dica, la prevenci\u00f3n, diagn\u00f3stico, la prestaci\u00f3n de asistencia sanitaria, tratamientos m\u00e9dicos o la gesti\u00f3n de servicios sanitarios, mientras el Titular no est\u00e9 en condiciones de otorgar el consentimiento, en los t\u00e9rminos que establece la Ley General de Salud y dem\u00e1s disposiciones jur\u00eddicas aplicables y que dicho tratamiento de datos se realice por una persona sujeta al secreto profesional u obligaci\u00f3n equivalente, o (vii) se dicte resoluci\u00f3n de autoridad competente.<\/p>\n<p>Asimismo, se le informa que con la aceptaci\u00f3n del presente <strong>AVISO DE PRIVACIDAD <\/strong>se entiende que el Titular otorga su autorizaci\u00f3n para que el Responsable transfiera sus Datos Personales a terceros, ya sean mexicanos o extranjeros sin que para ello se requiera recabar nuevamente su consentimiento, cuando la transferencia se ubique en alguno de los supuestos siguientes: (i) est\u00e9 prevista en una Ley o Tratado en los que M\u00e9xico sea parte; (ii) sea necesaria para salvaguardar la salud del Titular, entre los que se encuentra, la prevenci\u00f3n o el diagn\u00f3stico m\u00e9dico, la prestaci\u00f3n de asistencia sanitaria, tratamiento m\u00e9dico o la gesti\u00f3n de servicios m\u00e9dicos (iii) la transferencia sea efectuada a sociedades subsidiarias o afiliadas bajo el control com\u00fan de cualquiera del Responsable o a una sociedad matriz o a cualquier sociedad del mismo grupo de el Responsable que opere bajo los mismos procesos y pol\u00edticas internas;(iv) sea necesaria en raz\u00f3n de un contrato celebrado o por celebrar en inter\u00e9s del Titular; (v) sea necesaria o legalmente exigida para la salvaguarda de un inter\u00e9s p\u00fablico, o para la procuraci\u00f3n o administraci\u00f3n de justicia; (vi) sea precisa para el reconocimiento, ejercicio o defensa de un derecho en un proceso judicial; y, (vii) sea precisa para el mantenimiento o cumplimiento de una relaci\u00f3n jur\u00eddica entre el Titular y el Responsable.<\/p>\n<p>Sin perjuicio de lo anterior, el Responsable se compromete a velar por el cumplimiento de los principios de protecci\u00f3n de Datos Personales establecidos por la LFPDPPP y su Reglamento y a adoptar las medidas necesarias para su aplicaci\u00f3n, as\u00ed como a exigir su cumplimiento a las personas f\u00edsicas o morales a los que se llegue a transferir o se conceda el acceso a sus Datos Personales, con el fin de dar a Usted un servicio adecuado y con la mejor calidad.<\/p>\n<ul>\n<li>El Titular autoriza al Responsable, en su car\u00e1cter de entidad Participante, a consultar y obtener informaci\u00f3n y documentaci\u00f3n de su persona, a trav\u00e9s de los sistemas administrados por Banco de M\u00e9xico, as\u00ed como a poner a disposici\u00f3n de los Participantes de los referidos sistemas, los Datos Personales y documentaci\u00f3n que recabe del Titular derivado de la instrucci\u00f3n de operaciones de transferencia. La presente autorizaci\u00f3n, faculta al Responsable a realizar consultas peri\u00f3dicas de la informaci\u00f3n del Titular durante el tiempo que este mantenga una relaci\u00f3n jur\u00eddica con el Responsable, conforme a lo previsto en las disposiciones legales aplicables, con el prop\u00f3sito de prevenir y detectar actos, omisiones, u operaciones que pudieran favorecer, prestar ayuda, auxilio, o cooperaci\u00f3n de cualquier especie para la comisi\u00f3n de los delitos de operaciones con recursos de procedencia il\u00edcita y financiamiento al terrorismo.<\/li>\n<li>En caso de que se presente al Responsable piezas (billetes o monedas met\u00e1licas) presuntamente falsos, o marcados con mensajes o alterados, el Responsable proceder\u00e1 a su retenci\u00f3n conforme a lo establecido por las disposiciones de Banco de M\u00e9xico y la Ley Monetaria de los Estados Unidos Mexicanos. Acto seguido recabar\u00e1 los Datos Personales del tenedor de la pieza para extenderle un recibo conforme a lo dispuesto por las disposiciones legales vigentes, en el entendido de que informaci\u00f3n recabada en dicho recibo se transferir\u00e1 al Banco de M\u00e9xico para efectos de identificaci\u00f3n del tenedor, y con la finalidad de que en su caso pueda ser contactado para informarle el resultado del dictamen sobre la pieza.<\/li>\n<\/ul>\n<p>Asimismo, le informamos que las remisiones nacionales e internacionales de Datos Personales entre el Responsable y sus Encargados no requerir\u00e1n ser informadas al Titular. Bajo esta categor\u00eda se clasifican las transferencias de informaci\u00f3n con aquellas Entidades Financieras o comerciales con las que el Responsable suscriba alg\u00fan convenio o acuerdo para la el ofrecimiento, prestaci\u00f3n u otorgamiento de beneficios a sus clientes o para la prestaci\u00f3n de servicios conjuntos.<\/p>\n<p>El Responsable informa a Usted que toda comunicaci\u00f3n girada por correo electr\u00f3nico o a trav\u00e9s de Internet, tales como servicios de mensajer\u00eda electr\u00f3nica no protegidos, tales como redes sociales, p\u00e1ginas de internet distintas a las se\u00f1aladas expresamente por el Responsable como oficiales o sitios web no identificados por el Responsable como propios puede ser objeto de intercepci\u00f3n de la informaci\u00f3n, p\u00e9rdida o posibles alteraciones en el mensaje o en los datos remitidos, en cuyo caso, el Titular no podr\u00e1 exigir al Responsable al que gira dicha comunicaci\u00f3n, indemnizaci\u00f3n por cualquier da\u00f1o resultante por la intercepci\u00f3n, sustracci\u00f3n, p\u00e9rdida o alteraci\u00f3n relacionada con dicha comunicaci\u00f3n.<\/p>\n<p>&nbsp;<\/p>\n<h2>7. USO DE MEDIOS ELECTR\u00d3NICOS O REMOTOS.<\/h2>\n<p>En caso de que el Titular haga uso de plataformas, sitios, aplicaciones o solicite los servicios del Responsable mediante el uso de dispositivos electr\u00f3nicos o proporcione sus Datos Personales por cualquiera de dichos canales (en adelante y en su conjunto los \u201cMedios Electr\u00f3nicos\u201d), el Titular entiende, acepta y reconoce que:<\/p>\n<ol>\n<li>Los <strong>Medios Electr\u00f3nicos <\/strong>pueden incluir enlaces a sitios web de terceros ajenos al Responsable, respecto de los cuales este \u00faltimo no asume ninguna titularidad, obligaci\u00f3n o responsabilidad alguna.<\/li>\n<li>Los servicios que presta el Responsable a trav\u00e9s de los Medios Electr\u00f3nicos podr\u00e1n recopilar informaci\u00f3n del Titular tales como tipo de navegador, sistema operativo, visitas a otros sitios de internet o llevar a cabo su identificaci\u00f3n como Usuario, a trav\u00e9s &#8220;cookies&#8221; o &#8220;web beacons&#8221; en cuyo caso le ser\u00e1 informado ese momento sobre el uso de esas tecnolog\u00edas. Para que el Titular pueda deshabilitar estos programas, deber\u00e1 de acceder a las &#8220;opciones de internet&#8221; ubicadas en la secci\u00f3n de las &#8220;Herramientas&#8221;, o funciones similares, del navegador que utilice.<\/li>\n<\/ol>\n<p>El sitio web del Responsable (www.inovag.mx) y sus aplicaciones (sidinet) utilizan &#8220;Cookies&#8221; que el Responsable podr\u00e1 colocar en su dispositivo de acceso y hacer uso ellas. El uso de \u201cCookies\u201d tiene como finalidad agilizar el inicio de una nueva sesi\u00f3n; guardar la configuraci\u00f3n del usuario del sitio y\/o sus aplicaciones; agilizar la inter- actuaci\u00f3n con los contenidos; mejorar la experiencia del usuario del sitio y\/o sus aplicaciones almacenando sus preferencias en el dispositivo de acceso, eliminando la necesidad de especificar repetidamente la misma informaci\u00f3n y solo mostrar contenido personalizado y publicidad de acuerdo a sus preferencias en sus posteriores visitas, as\u00ed como facilitar al Responsable el an\u00e1lisis de dicha informaci\u00f3n con el objetivo de mejorar el rendimiento del sitio y\/o sus aplicaciones.<\/p>\n<p>De igual forma el Responsable podr\u00e1 hacer uso de \u201cCookies\u201d para recabar informaci\u00f3n sobre las preferencias del usuario del sitio y\/o aplicaciones en la utilizaci\u00f3n de contenidos con el fin de ofrecer promociones, descuentos, programas y en general, enviar al usuario del sitio y\/o sus aplicaciones publicidad basada en sus intereses. Con el uso de los Medios Electr\u00f3nicos, Usted reconoce y autoriza al Responsable al uso de &#8220;Cookies&#8221; y &#8220;web beacons&#8221;.<\/p>\n<ul>\n<li>Una \u201c<strong>Cookie<\/strong>\u201d es un archivo de texto situado por un servidor web en el disco duro del internauta que lo visita con informaci\u00f3n sobre sus preferencias y pautas de navegaci\u00f3n.<\/li>\n<\/ul>\n<ul>\n<li>Un \u201c<strong>web beacon<\/strong>\u201d, es una imagen usada exclusivamente para cuantificar el n\u00famero de visitas o monitorear el comportamiento del cliente.<\/li>\n<\/ul>\n<p>El Responsable podr\u00e1 ampliar el contenido del sitio y\/o sus aplicaciones o crear nuevos Medios Electr\u00f3nicos en cuyo caso estos se regir\u00e1n por el presente <strong>AVISO DE PRIVACIDAD<\/strong>.<\/p>\n<p>&nbsp;<\/p>\n<h2>8.\u00a0 MEDIOS\u00a0\u00a0\u00a0\u00a0 PARA\u00a0\u00a0\u00a0\u00a0 EJERCER\u00a0\u00a0\u00a0\u00a0 LOS\u00a0\u00a0\u00a0\u00a0 DERECHOS\u00a0\u00a0\u00a0\u00a0 DE\u00a0\u00a0\u00a0\u00a0 ACCESO, RECTIFICACI\u00d3N, CANCELACI\u00d3N U OPOSICI\u00d3N (DERECHOS ARCO).<\/h2>\n<p>El Titular, por s\u00ed o mediante representante legal debidamente acreditado, tiene reconocidos y podr\u00e1 ejercitar los Derechos ARCO que le otorga la LFPDPPP y su Reglamento frente al Responsable, present\u00e1ndose en la oficina general de <strong><em>ARTHUMAN DIRECCIONANDO TALENTOS SC.<\/em> <\/strong>con su identificaci\u00f3n oficial vigente, en donde nuestros ejecutivos le brindar\u00e1n atenci\u00f3n y dar\u00e1n tr\u00e1mite a su solicitud para ser atendido por la Unidad de Protecci\u00f3n de Datos Personales.<\/p>\n<h2>(Derechos ARCO)<\/h2>\n<ul>\n<li><strong>ACCESO: <\/strong>conocer informaci\u00f3n espec\u00edfica que el Responsable tiene en su posesi\u00f3n;<\/li>\n<li><strong>RECTIFICACI\u00d3N: <\/strong>solicitar la rectificaci\u00f3n de Datos Personales en caso de que no est\u00e9n actualizados, sean inexactos o incompletos, para ejercer este derecho se deber\u00e1 entregar la documentaci\u00f3n que acredite la rectificaci\u00f3n solicitada de acuerdo a los Datos Personales;<\/li>\n<li><strong>CANCELACI\u00d3N: <\/strong>bloqueo y posterior eliminaci\u00f3n de Datos Personales de nuestras bases de datos cuando considere que la misma no est\u00e1 siendo utilizada adecuadamente o para los fines que dieron origen a la relaci\u00f3n jur\u00eddica;<\/li>\n<li><strong>OPOSICI\u00d3N: <\/strong>oponerse al uso para fines espec\u00edficos de sus Datos Personales.<\/li>\n<\/ul>\n<p>El ejercicio de cualquiera de los Derechos <strong>ARCO <\/strong>no impide el ejercicio de alguno otro derecho.<\/p>\n<p>Para el ejercicio de cualquiera de los derechos <strong>ARCO <\/strong>el Titular o su representante legal podr\u00e1n solicitar un formato de ejercicio de Derechos ARCO a la direcci\u00f3n de correo electr\u00f3nico <a href=\"mailto:legal@inovag.mx\">legal@inovag.mx, <\/a>en adelante el \u201cFormato\u201d.<\/p>\n<p>Dicho Formato se deber\u00e1 llenar, firmar y devolver a la misma direcci\u00f3n de correo electr\u00f3nico acompa\u00f1ado de la documentaci\u00f3n que m\u00e1s adelante se se\u00f1ala, misma que deber\u00e1 enviarse para su evaluaci\u00f3n escaneada y legible, con objeto de que el Responsable pueda llevar a cabo la autenticaci\u00f3n del Titular que requiera ejercer sus Derechos <strong>ARCO<\/strong>:<\/p>\n<ul>\n<li>Identificaci\u00f3n oficial vigente del Titular Ser\u00e1 v\u00e1lido alguno de los siguientes documentos: Credencial del Instituto Federal Electoral, Pasaporte emitido por la Secretar\u00eda de Relaciones<\/li>\n<li>En los casos en que el Titular ejerza sus Derechos <strong>ARCO <\/strong>a trav\u00e9s de un representante legal, adem\u00e1s de acreditar la identidad de ambos (Titular y el Representante legal), se deber\u00e1 enviar a la citada direcci\u00f3n de correo, una copia legible del poder notarial otorgado al representante legal, o en su caso carta poder firmada ante dos testigos o declaraci\u00f3n en comparecencia del Titular por el cual se otorgan facultades para llevar a cabo este tr\u00e1mite ante el<\/li>\n<li>En caso de que se quiera ejercer el derecho de rectificaci\u00f3n, el Titular o su representante legal deber\u00e1n enviar a la direcci\u00f3n de correo electr\u00f3nico<a href=\"mailto:legal@inovag.mx\"> legal@inovag.mx <\/a>la documentaci\u00f3n que sustente su petici\u00f3n.<\/li>\n<\/ul>\n<p>El Responsable comunicar\u00e1 al Titular en un plazo m\u00e1ximo de 20 (veinte) d\u00edas h\u00e1biles contados desde la fecha en que reciban en el correo electr\u00f3nico <a href=\"mailto:legal@inovag.mx\">legal@inovag.mx,<\/a> la respuesta a su solicitud de acceso, rectificaci\u00f3n, cancelaci\u00f3n u oposici\u00f3n. Si la solicitud presentada al o el Responsable resulta procedente y el Responsable recibe del Titular o su representante legal la documentaci\u00f3n a que se refiere el presente numeral, el resultado de la resoluci\u00f3n, se har\u00e1 efectiva dentro de los 15 (quince) d\u00edas h\u00e1biles siguientes a la fecha en que se comunique la respuesta.<\/p>\n<p>El Responsable podr\u00e1 ampliar \u00e9ste plazo hasta por 20 (veinte) d\u00edas h\u00e1biles m\u00e1s, cuando el caso lo amerite, previa notificaci\u00f3n de dicha situaci\u00f3n al Titular.<\/p>\n<p>La resoluci\u00f3n adoptada por el Responsable ser\u00e1 comunicada al Titular a trav\u00e9s de uno de los canales elegido por \u00e9ste \u00faltimo (correo electr\u00f3nico), los cuales se mencionan en el Formato que se env\u00eda por el Titular al Responsable por correo electr\u00f3nico.<\/p>\n<p>En los casos en que el Titular desee revocar la autorizaci\u00f3n otorgada al Responsable respecto de los Datos Personales proporcionados, deber\u00e1 realizar la solicitud correspondiente en los mismos t\u00e9rminos establecidos en el presente <strong>AVISO DE PRIVACIDAD <\/strong>para ejercer sus derechos <strong>ARCO<\/strong>.<\/p>\n<p>La entrega de los Datos Personales ser\u00e1 previa acreditaci\u00f3n de su identidad ante el Responsable. Por excepci\u00f3n, en aquellos casos en los que, derivado de la solicitud particular del Titular, se genere al Responsable gastos justificados de env\u00edo; y en su caso costos por la de reproducci\u00f3n o por la generaci\u00f3n de copias u otros formatos que tengan como motivo atender la solicitud del Titular, el Titular deber\u00e1 abonar, en los casos en que lo amerite, dichos gastos al Responsable, situaci\u00f3n que se informar\u00e1 al Titular por el Responsable previa la entrega de datos.<\/p>\n<p>Si la misma persona, ya sea por si como Titular o a trav\u00e9s de un representante legal, reitera su solicitud entrega de Datos Personales en un periodo menor a doce meses contados a partir de la \u00faltima entrega de informaci\u00f3n, el Responsable podr\u00e1 solicitar al Titular o su representante legal, el pago de los costos de reimpresi\u00f3n de dicha informaci\u00f3n los cuales no ser\u00e1n por ning\u00fan motivo mayores a tres d\u00edas de Salario M\u00ednimo General Vigente en el Distrito Federal. En caso de que existan modificaciones sustanciales al presente <strong>AVISO DE PRIVACIDAD <\/strong>que motiven nuevas consultas, no proceder\u00e1 el cobro de reimpresiones a que se refiere este p\u00e1rrafo.<\/p>\n<p>En aquellos casos en los que el Titular desee ejercer el derecho de Acceso a sus Datos Personales, la informaci\u00f3n solicitada ser\u00e1 proporcionada a trav\u00e9s del medio que este haya elegido en el Formato de solicitud de ejercicio de Derechos <strong>ARCO<\/strong>. En el supuesto en el que el Responsable no cuente con Datos Personales del Titular requirente, se lo informar\u00e1n por los medios a trav\u00e9s de los cu\u00e1les realiz\u00f3 la solicitud. Para cualquier duda o aclaraci\u00f3n respecto del procedimiento y medios para ejercer sus Derechos Arco, favor de enviar un correo a la Unidad de Protecci\u00f3n de Datos Personales a la direcci\u00f3n <a href=\"mailto:legal@inovag.mx\">legal@inovag.mx.<\/a><\/p>\n<p>En caso de que el Titular revoque la autorizaci\u00f3n otorgada al Responsable para el tratamiento de sus Datos Personales bajo alguna de las finalidades identificadas como primarias en el numeral 4 del presente <strong>AVISO DE PRIVACIDAD<\/strong>, dicha revocaci\u00f3n podr\u00e1 implicar la suspensi\u00f3n de los servicios prestados por el Responsable a fin de dar cumplimiento a las disposiciones legales vigentes o a las pol\u00edticas internas del Responsable.\u00a0<\/p>\n<h2>9. PROCEDIMIENTO Y MEDIO POR EL CUAL EL RESPONSABLE COMUNICAR\u00c1 A LOS TITULARES DE CAMBIOS AL AVISO DE PRIVACIDAD.<\/h2>\n<p>El Responsable se reserva el derecho a realizar cambios en el presente <strong>AVISO DE PRIVACIDAD<\/strong>, los cuales ser\u00e1n dados a conocer mediante su publicaci\u00f3n en la p\u00e1gina <a href=\"http:\/\/www.inovag.mx\/\">www.inovag.mx <\/a>o aquella que la llegara a sustituir.<\/p>\n<p>Asimismo, se informa al Titular que cuenta con el derecho a oponerse al tratamiento de sus Datos Personales en caso de no estar de acuerdo con las modificaciones que pudiera presentar este <strong>AVISO DE PRIVACIDAD, <\/strong>para ello, deber\u00e1 enviar una solicitud a la direcci\u00f3n de correo electr\u00f3nico a que se refiere el numeral 8 del presente <strong>AVISO DE PRIVACIDAD<\/strong>. (legal@inovag.mx)<\/p>\n<p>Les informamos que la autoridad competente para resolver cualquier conflicto derivado de la aplicaci\u00f3n a la Ley Federal de Protecci\u00f3n de Datos Personales en Posesi\u00f3n de los Particulares y su Reglamento es el Instituto Nacional de Acceso a la Informaci\u00f3n y Datos Personales (INAI) y puedes saber m\u00e1s del tema en su p\u00e1gina <a href=\"http:\/\/www.inai.org.mx\/\">www.inai.org.mx<\/a><\/p>\n<p>El presente <strong>AVISO DE PRIVACIDAD <\/strong>se modific\u00f3 por \u00faltima ocasi\u00f3n el 09 de febrero de 2022.<\/p>\n<p>[\/et_pb_text][\/et_pb_column][\/et_pb_row][\/et_pb_section]<\/p>\n","protected":false},"excerpt":{"rendered":"<p>AVISO DE PRIVACIDAD Mediante el presente AVISO DE PRIVACIDAD, ARTHUMAN DIRECCIONANDO TALENTOS SC., informa a usted los t\u00e9rminos en que ser\u00e1n tratados los Datos Personales que se recaben, por lo cual, le recomendamos que lea atentamente la siguiente informaci\u00f3n: 1. DEFINICIONES. Para efectos del presente AVISO DE PRIVACIDAD, los t\u00e9rminos que se indican a continuaci\u00f3n, [&hellip;]<\/p>\n","protected":false},"author":2,"featured_media":0,"parent":0,"menu_order":0,"comment_status":"closed","ping_status":"closed","template":"","meta":{"_et_pb_use_builder":"on","_et_pb_old_content":"<!-- wp:heading --><h2>Qui\u00e9nes somos<\/h2><!-- \/wp:heading --><!-- wp:paragraph --><p><strong class=\"privacy-policy-tutorial\">Texto sugerido: <\/strong>La direcci\u00f3n de nuestra web es: https:\/\/arthuman.com.mx.<\/p><!-- \/wp:paragraph --><!-- wp:heading --><h2>Comentarios<\/h2><!-- \/wp:heading --><!-- wp:paragraph --><p><strong class=\"privacy-policy-tutorial\">Texto sugerido: <\/strong>Cuando los visitantes dejan comentarios en la web, recopilamos los datos que se muestran en el formulario de comentarios, as\u00ed como la direcci\u00f3n IP del visitante y la cadena de agentes de usuario del navegador para ayudar a la detecci\u00f3n de spam.<\/p><!-- \/wp:paragraph --><!-- wp:paragraph --><p>Una cadena an\u00f3nima creada a partir de tu direcci\u00f3n de correo electr\u00f3nico (tambi\u00e9n llamada hash) puede ser proporcionada al servicio de Gravatar para ver si la est\u00e1s usando. La pol\u00edtica de privacidad del servicio Gravatar est\u00e1 disponible aqu\u00ed: https:\/\/automattic.com\/privacy\/. Despu\u00e9s de la aprobaci\u00f3n de tu comentario, la imagen de tu perfil es visible para el p\u00fablico en el contexto de su comentario.<\/p><!-- \/wp:paragraph --><!-- wp:heading --><h2>Medios<\/h2><!-- \/wp:heading --><!-- wp:paragraph --><p><strong class=\"privacy-policy-tutorial\">Texto sugerido: <\/strong>Si subes im\u00e1genes a la web deber\u00edas evitar subir im\u00e1genes con datos de ubicaci\u00f3n (GPS EXIF) incluidos. Los visitantes de la web pueden descargar y extraer cualquier dato de localizaci\u00f3n de las im\u00e1genes de la web.<\/p><!-- \/wp:paragraph --><!-- wp:heading --><h2>Cookies<\/h2><!-- \/wp:heading --><!-- wp:paragraph --><p><strong class=\"privacy-policy-tutorial\">Texto sugerido: <\/strong>Si dejas un comentario en nuestro sitio puedes elegir guardar tu nombre, direcci\u00f3n de correo electr\u00f3nico y web en cookies. Esto es para tu comodidad, para que no tengas que volver a rellenar tus datos cuando dejes otro comentario. Estas cookies tendr\u00e1n una duraci\u00f3n de un a\u00f1o.<\/p><!-- \/wp:paragraph --><!-- wp:paragraph --><p>Si tienes una cuenta y te conectas a este sitio, instalaremos una cookie temporal para determinar si tu navegador acepta cookies. Esta cookie no contiene datos personales y se elimina al cerrar el navegador.<\/p><!-- \/wp:paragraph --><!-- wp:paragraph --><p>Cuando inicias sesi\u00f3n, tambi\u00e9n instalaremos varias cookies para guardar tu informaci\u00f3n de inicio de sesi\u00f3n y tus opciones de visualizaci\u00f3n de pantalla. Las cookies de inicio de sesi\u00f3n duran dos d\u00edas, y las cookies de opciones de pantalla duran un a\u00f1o. Si seleccionas \"Recordarme\", tu inicio de sesi\u00f3n perdurar\u00e1 durante dos semanas. Si sales de tu cuenta, las cookies de inicio de sesi\u00f3n se eliminar\u00e1n.<\/p><!-- \/wp:paragraph --><!-- wp:paragraph --><p>Si editas o publicas un art\u00edculo se guardar\u00e1 una cookie adicional en tu navegador. Esta cookie no incluye datos personales y simplemente indica el ID del art\u00edculo que acabas de editar. Caduca despu\u00e9s de 1 d\u00eda.<\/p><!-- \/wp:paragraph --><!-- wp:heading --><h2>Contenido incrustado de otros sitios web<\/h2><!-- \/wp:heading --><!-- wp:paragraph --><p><strong class=\"privacy-policy-tutorial\">Texto sugerido: <\/strong>Los art\u00edculos de este sitio pueden incluir contenido incrustado (por ejemplo, v\u00eddeos, im\u00e1genes, art\u00edculos, etc.). El contenido incrustado de otras web se comporta exactamente de la misma manera que si el visitante hubiera visitado la otra web.<\/p><!-- \/wp:paragraph --><!-- wp:paragraph --><p>Estas web pueden recopilar datos sobre ti, utilizar cookies, incrustar un seguimiento adicional de terceros, y supervisar tu interacci\u00f3n con ese contenido incrustado, incluido el seguimiento de tu interacci\u00f3n con el contenido incrustado si tienes una cuenta y est\u00e1s conectado a esa web.<\/p><!-- \/wp:paragraph --><!-- wp:heading --><h2>Con qui\u00e9n compartimos tus datos<\/h2><!-- \/wp:heading --><!-- wp:paragraph --><p><strong class=\"privacy-policy-tutorial\">Texto sugerido: <\/strong>Si solicitas un restablecimiento de contrase\u00f1a, tu direcci\u00f3n IP ser\u00e1 incluida en el correo electr\u00f3nico de restablecimiento.<\/p><!-- \/wp:paragraph --><!-- wp:heading --><h2>Cu\u00e1nto tiempo conservamos tus datos<\/h2><!-- \/wp:heading --><!-- wp:paragraph --><p><strong class=\"privacy-policy-tutorial\">Texto sugerido: <\/strong>Si dejas un comentario, el comentario y sus metadatos se conservan indefinidamente. Esto es para que podamos reconocer y aprobar comentarios sucesivos autom\u00e1ticamente en lugar de mantenerlos en una cola de moderaci\u00f3n.<\/p><!-- \/wp:paragraph --><!-- wp:paragraph --><p>De los usuarios que se registran en nuestra web (si los hay), tambi\u00e9n almacenamos la informaci\u00f3n personal que proporcionan en su perfil de usuario. Todos los usuarios pueden ver, editar o eliminar su informaci\u00f3n personal en cualquier momento (excepto que no pueden cambiar su nombre de usuario). Los administradores de la web tambi\u00e9n pueden ver y editar esa informaci\u00f3n.<\/p><!-- \/wp:paragraph --><!-- wp:heading --><h2>Qu\u00e9 derechos tienes sobre tus datos<\/h2><!-- \/wp:heading --><!-- wp:paragraph --><p><strong class=\"privacy-policy-tutorial\">Texto sugerido: <\/strong>Si tienes una cuenta o has dejado comentarios en esta web, puedes solicitar recibir un archivo de exportaci\u00f3n de los datos personales que tenemos sobre ti, incluyendo cualquier dato que nos hayas proporcionado. Tambi\u00e9n puedes solicitar que eliminemos cualquier dato personal que tengamos sobre ti. Esto no incluye ning\u00fan dato que estemos obligados a conservar con fines administrativos, legales o de seguridad.<\/p><!-- \/wp:paragraph --><!-- wp:heading --><h2>D\u00f3nde enviamos tus datos<\/h2><!-- \/wp:heading --><!-- wp:paragraph --><p><strong class=\"privacy-policy-tutorial\">Texto sugerido: <\/strong>Los comentarios de los visitantes puede que los revise un servicio de detecci\u00f3n autom\u00e1tica de spam.<\/p><!-- \/wp:paragraph -->","_et_gb_content_width":"","footnotes":""},"class_list":["post-404","page","type-page","status-publish","hentry"],"_links":{"self":[{"href":"https:\/\/arthuman.com.mx\/en\/wp-json\/wp\/v2\/pages\/404","targetHints":{"allow":["GET"]}}],"collection":[{"href":"https:\/\/arthuman.com.mx\/en\/wp-json\/wp\/v2\/pages"}],"about":[{"href":"https:\/\/arthuman.com.mx\/en\/wp-json\/wp\/v2\/types\/page"}],"author":[{"embeddable":true,"href":"https:\/\/arthuman.com.mx\/en\/wp-json\/wp\/v2\/users\/2"}],"replies":[{"embeddable":true,"href":"https:\/\/arthuman.com.mx\/en\/wp-json\/wp\/v2\/comments?post=404"}],"version-history":[{"count":0,"href":"https:\/\/arthuman.com.mx\/en\/wp-json\/wp\/v2\/pages\/404\/revisions"}],"wp:attachment":[{"href":"https:\/\/arthuman.com.mx\/en\/wp-json\/wp\/v2\/media?parent=404"}],"curies":[{"name":"wp","href":"https:\/\/api.w.org\/{rel}","templated":true}]}}